{"id":175629,"date":"2023-12-17T16:05:30","date_gmt":"2023-12-17T15:05:30","guid":{"rendered":"https:\/\/aqshf.gov.al\/motion_picture\/envers-week\/"},"modified":"2026-04-04T21:24:36","modified_gmt":"2026-04-04T20:24:36","slug":"envers-week","status":"publish","type":"motion_picture","link":"https:\/\/aqshf.gov.al\/en\/motion_picture\/envers-week\/","title":{"rendered":"Enver Week"},"content":{"rendered":"<link rel=\"stylesheet\" type=\"text\/css\" href=\"https:\/\/aqshf.gov.al\/wp-content\/themes\/loquet\/includes\/assets\/css\/motion_pictures-table.css\" \/>\n\n\n\t<div class=\"wp-block-columns is-layout-flex wp-container-core-columns-is-layout-9d6595d7 wp-block-columns-is-layout-flex\">\n\t\n\t\t\n\t\t\t<div class=\"wp-block-column is-layout-flow wp-block-column-is-layout-flow\" style=\"flex-basis:10%\"><\/div>\n\t\t\n\n\t\t\n\t\t\t<div class=\"wp-block-column is-layout-flow wp-block-column-is-layout-flow\" style=\"flex-basis:80%\">\n\t\t\t\n\t\t\t\t\n\t\t\t\t\t<figure class=\"wp-block-video\">\n\t\t\t\t\t\t<video controls src=\"https:\/\/aqshf.gov.al\/wp-content\/uploads\/I2-938.mp4\"><\/video>\n\t\t\t\t\t<\/figure>\n\t\t\t\t\n\t\t\t<\/div>\n\t\t\n\n\t\t\n\t\t\t<div class=\"wp-block-column is-layout-flow wp-block-column-is-layout-flow\" style=\"flex-basis:10%\"><\/div>\n\t\t\n\n\t<\/div>\n\n\n\n\t<figure class=\"wp-block-table\">\n\t\t<table id=\"motion_pictures_metadata\" class=\"has-fixed-layout\">\n\t\t\t<tbody>\n\t\t\t\t<tr>\n\t\t\t\t\t<td class=\"has-text-align-right\" data-align=\"right\"><strong>Reference Code<\/strong><\/td>\n\t\t\t\t\t<td>I\/2-938<\/td>\n\t\t\t\t<\/tr>\n\t\t\t\t<tr>\n\t\t\t\t\t<td class=\"has-text-align-right\" data-align=\"right\"><strong>Title<\/strong><\/td>\n\t\t\t\t\t<td>Enver Week<\/td>\n\t\t\t\t<\/tr>\n\t\t\t\t<tr>\n\t\t\t\t\t<td class=\"has-text-align-right\" data-align=\"right\"><strong>Synopsis<\/strong><\/td>\n\t\t\t\t\t<td>Aerial panoramas of Gjirokastra. The Pioneers visiting the house of comrade Enver Hoxha. On the eve of the 77th anniversary of Enver Hoxha\u2019s birth, the youth began passing on a relay of a message that would travel throughout Albania. Footage of the Independence Monument in Vlor\u00eb, where young people receive the relay. Scenes from Heroes of Vig Square in Shkod\u00ebr, where the youth message is launched. Young people running, climbing mountains, some greeting from the summit \u201cPioneer.\u201d Young people running in Kor\u00e7\u00eb. Scientific session organized at the Party School with participants Lenka Cuko, Simon Stefani, Prokop Murra, Llambi Gegprifti, Rita Marko, Pilo Peristeri, and Foto Cami. Various sessions of this conference. On the occasion of Enver Week in Lushnje, a major cotton-collecting campaign took place, with the participation of Ramiz Alia, who warmly spoke with the participants. Meanwhile, in the campaign organized in Prez\u00eb, Adil \u00c7ar\u00e7ani and Foto Cami participated. In the scrap metal collection campaign at the metallurgical plant, Simon Stefani took part. In Kruj\u00eb, the irrigation canal opening campaign involved Rita Marko. The relay continued through Kruj\u00eb and Durr\u00ebs. During Enver Week, a cycling tour of works named after Enver was also organized. Cyclists riding through Tirana. Tefta Cami awarded the winners of this tour with a trophy. Scenes from the inauguration of the Fier\u2013Vlor\u00eb railway with participants Hekuran Isai and Sotir Kocollari. Scenes from the installation of the second power unit in Koman. On the occasion of the 77th anniversary, Manush Myftiu spoke on Gjirokastra radio. Young people passing the relay in Pez\u00eb. The exhibition of comrade Enver\u2019s works was inaugurated, attended by Tefta Cami and Besnik Bekteshi. At the Partizani cinema, on the occasion of Enver Week, a screening of documentary films dedicated to the work and life of comrade Enver was organized, with remarks by Viktor Gjika. Also inaugurated was the photographic exhibition \u201cEnver Hoxha Among Us,\u201d with the ribbon cut by Rita Marko. Participants included Spiro Koleka, Tefta Cami, Dritero Agolli. At the inauguration of the visual arts exhibition, again dedicated to Enver Hoxha, Muntaz Dhrami spoke. Participants included Manush Myftiu, Foto Cami, Xhaferr Spahiu, Dritero Agolli, Hajredin Celiku. At the Martyrs\u2019 Cemetery, Ramiz Alia, Adil \u00c7ar\u00e7ani, Manush Myftiu, Nexhmije Hoxha, Simon Stefani, Pali Miska, Hekuran Isai, and Besnik Bekteshi were present. The leaders laid wreaths and paid homage at Enver Hoxha\u2019s grave. The Pioneers placed fresh flowers. In Tirana, at the Central Committee headquarters, the Pioneers and youth handed over the relay to Lenka Cuko and Simon Stefani, who received them and spoke with them. 12,000 Pioneers gathered at the square in front of the University of Tirana to celebrate the great birthday. They sang for the Party and comrade Enver. In Tirana, the national conference dedicated to the immortal work of comrade Enver Hoxha was held. Participants included Ramiz Alia, Adil \u00c7ar\u00e7ani, Nexhmije Hoxha, Hajredin Celiku, Lenka Cuko, Llambi Gegprifti, Prokop Murra, Besnik Bekteshi, Qirjako Mihali, and Pilo Peristeri. Foto Cami opened the conference and gave the floor to Ramiz Alia (synchronized). Various reports were presented by Foto Cami, Piro Kondi, Raqi Madhi, Harilla Papajorgji, Alfred Uci, Leka Shkurti, Kico Mustaqi, Sofokli Lazeri, and Vangjel Moisiu. Foto Cami closed the conference. In the hall of the \u201cPartizani\u201d Sports Palace, a festive concert was held with the participation of Ramiz Alia, Adil \u00c7ar\u00e7ani, Rita Marko, Simon Stefani, Manush Myftiu, Lenka Cuko, and Pali Miska.<\/td>\n\t\t\t\t<\/tr>\n\t\t\t\t<tr>\n\t\t\t\t\t<td class=\"has-text-align-right\" data-align=\"right\"><strong>Awards<\/strong><\/td>\n\t\t\t\t\t<td><\/td>\n\t\t\t\t<\/tr>\n\t\t\t\t<tr>\n\t\t\t\t\t<td class=\"has-text-align-right\" data-align=\"right\"><strong>Screenwriter<\/strong><\/td>\n\t\t\t\t\t<td><\/td>\n\t\t\t\t<\/tr>\n\t\t\t\t<tr>\n\t\t\t\t\t<td class=\"has-text-align-right\" data-align=\"right\"><strong>Scriptwriter<\/strong><\/td>\n\t\t\t\t\t<td>Angjelina Xhara<\/td>\n\t\t\t\t<\/tr>\n\t\t\t\t<tr>\n\t\t\t\t\t<td class=\"has-text-align-right\" data-align=\"right\"><strong>Director<\/strong><\/td>\n\t\t\t\t\t<td>Todi Bozo<\/td>\n\t\t\t\t<\/tr>\n\t\t\t\t<tr>\n\t\t\t\t\t<td class=\"has-text-align-right\" data-align=\"right\"><strong>Music arrangement<\/strong><\/td>\n\t\t\t\t\t<td>Diana Fejziu, Majlinda Berxolli<\/td>\n\t\t\t\t<\/tr>\n\t\t\t\t<tr>\n\t\t\t\t\t<td class=\"has-text-align-right\" data-align=\"right\"><strong>Camera<\/strong><\/td>\n\t\t\t\t\t<td>Rakip Zeneli, Rudolf Radovani, Pandeli Polena, Ibrahim Kasapi<\/td>\n\t\t\t\t<\/tr>\n\t\t\t\t<tr>\n\t\t\t\t\t<td class=\"has-text-align-right\" data-align=\"right\"><strong>Designer<\/strong><\/td>\n\t\t\t\t\t<td><\/td>\n\t\t\t\t<\/tr>\n\t\t\t\t<tr>\n\t\t\t\t\t<td class=\"has-text-align-right\" data-align=\"right\"><strong>Editing<\/strong><\/td>\n\t\t\t\t\t<td>Elpiniqi Coja<\/td>\n\t\t\t\t<\/tr>\n\t\t\t\t<tr>\n\t\t\t\t\t<td class=\"has-text-align-right\" data-align=\"right\"><strong>Sound<\/strong><\/td>\n\t\t\t\t\t<td>Luiza Metaraku<\/td>\n\t\t\t\t<\/tr>\n\t\t\t\t<tr>\n\t\t\t\t\t<td class=\"has-text-align-right\" data-align=\"right\"><strong>Category<\/strong><\/td>\n\t\t\t\t\t<td>Documentaries<\/td>\n\t\t\t\t<\/tr>\n\t\t\t\t<tr>\n\t\t\t\t\t<td class=\"has-text-align-right\" data-align=\"right\"><strong>Chroma<\/strong><\/td>\n\t\t\t\t\t<td>Color<\/td>\n\t\t\t\t<\/tr>\n\t\t\t\t<tr>\n\t\t\t\t\t<td class=\"has-text-align-right\" data-align=\"right\"><strong>Year<\/strong><\/td>\n\t\t\t\t\t<td>1985<\/td>\n\t\t\t\t<\/tr>\n\t\t\t\t<tr>\n\t\t\t\t\t<td class=\"has-text-align-right\" data-align=\"right\"><strong>Release date<\/strong><\/td>\n\t\t\t\t\t<td>1985<\/td>\n\t\t\t\t<\/tr>\n\t\t\t\t<tr>\n\t\t\t\t\t<td class=\"has-text-align-right\" data-align=\"right\"><strong>Reels<\/strong><\/td>\n\t\t\t\t\t<td>3<\/td>\n\t\t\t\t<\/tr>\n\t\t\t\t<tr>\n\t\t\t\t\t<td class=\"has-text-align-right\" data-align=\"right\"><strong>Lenght (in minutes)<\/strong><\/td>\n\t\t\t\t\t<td>24.38<\/td>\n\t\t\t\t<\/tr>\n\t\t\t\t<tr>\n\t\t\t\t\t<td class=\"has-text-align-right\" data-align=\"right\"><strong>Country of origin<\/strong><\/td>\n\t\t\t\t\t<td>Shqiperi<\/td>\n\t\t\t\t<\/tr>\n\t\t\t\t<tr>\n\t\t\t\t\t<td class=\"has-text-align-right\" data-align=\"right\"><strong>Shooting locations<\/strong><\/td>\n\t\t\t\t\t<td>Gjirokaster,Shkoder,Tirane<\/td>\n\t\t\t\t<\/tr>\n\t\t\t\t<tr>\n\t\t\t\t\t<td class=\"has-text-align-right\" data-align=\"right\"><strong>Producers<\/strong><\/td>\n\t\t\t\t\t<td>Kinostudio &#8220;Shqiperia e re&#8221;<\/td>\n\t\t\t\t<\/tr>\n\t\t\t\t<tr>\n\t\t\t\t\t<td class=\"has-text-align-right\" data-align=\"right\"><strong>Notes<\/strong><\/td>\n\t\t\t\t\t<td><\/td>\n\t\t\t\t<\/tr>\n\t\t\t\t<tr>\n\t\t\t\t\t<td class=\"has-text-align-right\" data-align=\"right\"><strong>&copy; Copyright<\/strong><\/td>\n\t\t\t\t\t<td>Arkivi Qendror Shtet\u00ebror i Filmit<\/td>\n\t\t\t\t<\/tr>\n\t\t\t<\/tbody>\n\t\t<\/table>\n\t<\/figure>\n","protected":false},"excerpt":{"rendered":"<p>Reference Code I\/2-938 Title Enver Week Synopsis Aerial panoramas of Gjirokastra. The Pioneers visiting the house of comrade Enver Hoxha. On the eve of the&#8230;<\/p>\n","protected":false},"author":1,"featured_media":189381,"comment_status":"closed","ping_status":"open","template":"","meta":{"_jet_sm_ready_style":"","_jet_sm_style":"","_jet_sm_controls_values":"","_jet_sm_fonts_collection":"","_jet_sm_fonts_links":"","cybocfi_hide_featured_image":"","footnotes":""},"motion-picture-category":[143],"motion-picture-director":[30290,31755],"motion-picture-chroma":[151],"motion-picture-year":[578],"motion-picture-length":[30864],"motion-picture-screenwriter":[],"motion-picture-composer":[8369],"motion-picture-camera":[30865],"motion-picture-animator":[],"motion-picture-editing":[29490],"motion-picture-sound":[8304],"motion-picture-country":[13682],"motion-picture-reel":[13657],"motion-picture-producer":[13706],"motion-picture-scriptwriter":[],"motion-picture-designer":[],"motion-picture-tag":[],"class_list":["post-175629","motion_picture","type-motion_picture","status-publish","has-post-thumbnail","hentry","motion-picture-category-documentary-films","motion-picture-director-todi-bozo","motion-picture-director-todi-bozo-en","motion-picture-chroma-colour","motion-picture-year-578","motion-picture-length-24-38","motion-picture-composer-majlinda-berxolli","motion-picture-camera-rakip-zeneli-rudolf-radovani-pandeli-polena-ibrahim-kasapi","motion-picture-editing-elpiniqi-coja","motion-picture-sound-luiza-matraku","motion-picture-country-shqiperi","motion-picture-reel-13657","motion-picture-producer-kinostudio-shqiperia-e-re"],"_links":{"self":[{"href":"https:\/\/aqshf.gov.al\/en\/wp-json\/wp\/v2\/motion_picture\/175629","targetHints":{"allow":["GET"]}}],"collection":[{"href":"https:\/\/aqshf.gov.al\/en\/wp-json\/wp\/v2\/motion_picture"}],"about":[{"href":"https:\/\/aqshf.gov.al\/en\/wp-json\/wp\/v2\/types\/motion_picture"}],"author":[{"embeddable":true,"href":"https:\/\/aqshf.gov.al\/en\/wp-json\/wp\/v2\/users\/1"}],"replies":[{"embeddable":true,"href":"https:\/\/aqshf.gov.al\/en\/wp-json\/wp\/v2\/comments?post=175629"}],"version-history":[{"count":1,"href":"https:\/\/aqshf.gov.al\/en\/wp-json\/wp\/v2\/motion_picture\/175629\/revisions"}],"predecessor-version":[{"id":189384,"href":"https:\/\/aqshf.gov.al\/en\/wp-json\/wp\/v2\/motion_picture\/175629\/revisions\/189384"}],"wp:featuredmedia":[{"embeddable":true,"href":"https:\/\/aqshf.gov.al\/en\/wp-json\/wp\/v2\/media\/189381"}],"wp:attachment":[{"href":"https:\/\/aqshf.gov.al\/en\/wp-json\/wp\/v2\/media?parent=175629"}],"wp:term":[{"taxonomy":"motion-picture-category","embeddable":true,"href":"https:\/\/aqshf.gov.al\/en\/wp-json\/wp\/v2\/motion-picture-category?post=175629"},{"taxonomy":"motion-picture-director","embeddable":true,"href":"https:\/\/aqshf.gov.al\/en\/wp-json\/wp\/v2\/motion-picture-director?post=175629"},{"taxonomy":"motion-picture-chroma","embeddable":true,"href":"https:\/\/aqshf.gov.al\/en\/wp-json\/wp\/v2\/motion-picture-chroma?post=175629"},{"taxonomy":"motion-picture-year","embeddable":true,"href":"https:\/\/aqshf.gov.al\/en\/wp-json\/wp\/v2\/motion-picture-year?post=175629"},{"taxonomy":"motion-picture-length","embeddable":true,"href":"https:\/\/aqshf.gov.al\/en\/wp-json\/wp\/v2\/motion-picture-length?post=175629"},{"taxonomy":"motion-picture-screenwriter","embeddable":true,"href":"https:\/\/aqshf.gov.al\/en\/wp-json\/wp\/v2\/motion-picture-screenwriter?post=175629"},{"taxonomy":"motion-picture-composer","embeddable":true,"href":"https:\/\/aqshf.gov.al\/en\/wp-json\/wp\/v2\/motion-picture-composer?post=175629"},{"taxonomy":"motion-picture-camera","embeddable":true,"href":"https:\/\/aqshf.gov.al\/en\/wp-json\/wp\/v2\/motion-picture-camera?post=175629"},{"taxonomy":"motion-picture-animator","embeddable":true,"href":"https:\/\/aqshf.gov.al\/en\/wp-json\/wp\/v2\/motion-picture-animator?post=175629"},{"taxonomy":"motion-picture-editing","embeddable":true,"href":"https:\/\/aqshf.gov.al\/en\/wp-json\/wp\/v2\/motion-picture-editing?post=175629"},{"taxonomy":"motion-picture-sound","embeddable":true,"href":"https:\/\/aqshf.gov.al\/en\/wp-json\/wp\/v2\/motion-picture-sound?post=175629"},{"taxonomy":"motion-picture-country","embeddable":true,"href":"https:\/\/aqshf.gov.al\/en\/wp-json\/wp\/v2\/motion-picture-country?post=175629"},{"taxonomy":"motion-picture-reel","embeddable":true,"href":"https:\/\/aqshf.gov.al\/en\/wp-json\/wp\/v2\/motion-picture-reel?post=175629"},{"taxonomy":"motion-picture-producer","embeddable":true,"href":"https:\/\/aqshf.gov.al\/en\/wp-json\/wp\/v2\/motion-picture-producer?post=175629"},{"taxonomy":"motion-picture-scriptwriter","embeddable":true,"href":"https:\/\/aqshf.gov.al\/en\/wp-json\/wp\/v2\/motion-picture-scriptwriter?post=175629"},{"taxonomy":"motion-picture-designer","embeddable":true,"href":"https:\/\/aqshf.gov.al\/en\/wp-json\/wp\/v2\/motion-picture-designer?post=175629"},{"taxonomy":"motion-picture-tag","embeddable":true,"href":"https:\/\/aqshf.gov.al\/en\/wp-json\/wp\/v2\/motion-picture-tag?post=175629"}],"curies":[{"name":"wp","href":"https:\/\/api.w.org\/{rel}","templated":true}]}}